{"id":4950,"date":"2024-09-30T13:38:09","date_gmt":"2024-09-30T12:38:09","guid":{"rendered":"https:\/\/www.armadamobility.nl\/product-groep\/fahrradparken\/"},"modified":"2025-02-28T14:57:55","modified_gmt":"2025-02-28T13:57:55","slug":"fahrradparken","status":"publish","type":"producten","link":"https:\/\/www.armadamobility.nl\/de\/produktgruppe\/fahrradparken\/","title":{"rendered":"Fahrradparken"},"content":{"rendered":"\t\t<div data-elementor-type=\"wp-post\" data-elementor-id=\"4950\" class=\"elementor elementor-4950 elementor-170\" data-elementor-post-type=\"producten\">\n\t\t\t\t<div class=\"elementor-element elementor-element-a836a1d e-flex e-con-boxed e-con e-parent\" data-id=\"a836a1d\" data-element_type=\"container\" data-e-type=\"container\" data-settings=\"{&quot;background_background&quot;:&quot;classic&quot;,&quot;jet_parallax_layout_list&quot;:[]}\">\n\t\t\t\t\t<div class=\"e-con-inner\">\n\t\t<div class=\"elementor-element elementor-element-d490da1 e-con-full e-flex e-con e-child\" data-id=\"d490da1\" data-element_type=\"container\" data-e-type=\"container\" data-settings=\"{&quot;jet_parallax_layout_list&quot;:[]}\">\n\t\t\t\t<div class=\"elementor-element elementor-element-804b83f elementor-widget elementor-widget-text-editor\" data-id=\"804b83f\" data-element_type=\"widget\" data-e-type=\"widget\" data-widget_type=\"text-editor.default\">\n\t\t\t\t<div class=\"elementor-widget-container\">\n\t\t\t\t\t\t\t\t\t<p>Suchen Sie nach praktischen und \u00e4sthetischen L\u00f6sungen f\u00fcr das Fahrradparken? Wir bieten ein breites Sortiment an \u00dcberdachungen, Fahrradst\u00e4ndern und Fahrradhalterungen, die sich f\u00fcr jede Umgebung eignen. Ob Bahnhof, Schule, Einkaufszentrum oder Unternehmensstandort \u2013 wir bieten sowohl ma\u00dfgeschneiderte als auch Standardl\u00f6sungen, um eine sichere und organisierte Fahrradabstellanlage zu gew\u00e4hrleisten.  <\/p>\n\t\t\t\t\t\t\t\t<\/div>\n\t\t\t\t<\/div>\n\t\t\t\t<div class=\"elementor-element elementor-element-1657d79 elementor-widget elementor-widget-text-editor\" data-id=\"1657d79\" data-element_type=\"widget\" data-e-type=\"widget\" data-widget_type=\"text-editor.default\">\n\t\t\t\t<div class=\"elementor-widget-container\">\n\t\t\t\t\t\t\t\t\t<p>Unsere Fahrradparksysteme kombinieren Funktionalit\u00e4t und Design. Mit robusten Materialien und durchdachten Konstruktionen bieten wir langlebige L\u00f6sungen, die extremen Wetterbedingungen und intensiver Nutzung standhalten. Zudem verleihen unsere stilvollen \u00dcberdachungen der Umgebung eine moderne Optik und sch\u00fctzen Fahrr\u00e4der vor Regen und Sonne.<br \/>Nutzen Sie unsere Expertise im Fahrradparken und schaffen Sie eine effiziente und attraktive Fahrradabstellanlage. Kontaktieren Sie uns f\u00fcr Beratung und M\u00f6glichkeiten!    <\/p>\n\t\t\t\t\t\t\t\t<\/div>\n\t\t\t\t<\/div>\n\t\t\t\t<\/div>\n\t\t<div class=\"elementor-element elementor-element-1206308 e-con-full e-flex e-con e-child\" data-id=\"1206308\" data-element_type=\"container\" data-e-type=\"container\" data-settings=\"{&quot;background_background&quot;:&quot;classic&quot;,&quot;jet_parallax_layout_list&quot;:[]}\">\n\t\t\t\t<\/div>\n\t\t\t\t\t<\/div>\n\t\t\t\t<\/div>\n\t\t\t\t<\/div>\n\t\t","protected":false},"excerpt":{"rendered":"<p>Suchen Sie nach praktischen und \u00e4sthetischen L\u00f6sungen f\u00fcr das Fahrradparken? Wir bieten ein breites Sortiment an \u00dcberdachungen, Fahrradst\u00e4ndern und Fahrradhalterungen, die sich f\u00fcr jede Umgebung eignen. Ob Bahnhof, Schule, Einkaufszentrum oder Unternehmensstandort \u2013 wir bieten sowohl ma\u00dfgeschneiderte als auch Standardl\u00f6sungen, um eine sichere und organisierte Fahrradabstellanlage zu gew\u00e4hrleisten. Unsere Fahrradparksysteme kombinieren Funktionalit\u00e4t und Design. Mit [&hellip;]<\/p>\n","protected":false},"featured_media":2768,"template":"","product-categorieen":[],"class_list":["post-4950","producten","type-producten","status-publish","has-post-thumbnail","hentry"],"yoast_head":"<!-- This site is optimized with the Yoast SEO plugin v27.3 - https:\/\/yoast.com\/product\/yoast-seo-wordpress\/ -->\n<title>Fahrradparken | Armada Mobility<\/title>\n<meta name=\"robots\" content=\"index, follow, max-snippet:-1, max-image-preview:large, max-video-preview:-1\" \/>\n<link rel=\"canonical\" href=\"https:\/\/www.armadamobility.nl\/de\/product-groep\/fahrradparken\/\" \/>\n<meta property=\"og:locale\" content=\"de_DE\" \/>\n<meta property=\"og:type\" content=\"article\" \/>\n<meta property=\"og:title\" content=\"Fahrradparken | Armada Mobility\" \/>\n<meta property=\"og:description\" content=\"Suchen Sie nach praktischen und \u00e4sthetischen L\u00f6sungen f\u00fcr das Fahrradparken? Wir bieten ein breites Sortiment an \u00dcberdachungen, Fahrradst\u00e4ndern und Fahrradhalterungen, die sich f\u00fcr jede Umgebung eignen. Ob Bahnhof, Schule, Einkaufszentrum oder Unternehmensstandort \u2013 wir bieten sowohl ma\u00dfgeschneiderte als auch Standardl\u00f6sungen, um eine sichere und organisierte Fahrradabstellanlage zu gew\u00e4hrleisten. Unsere Fahrradparksysteme kombinieren Funktionalit\u00e4t und Design. Mit [&hellip;]\" \/>\n<meta property=\"og:url\" content=\"https:\/\/www.armadamobility.nl\/de\/product-groep\/fahrradparken\/\" \/>\n<meta property=\"og:site_name\" content=\"Armada Mobility\" \/>\n<meta property=\"article:modified_time\" content=\"2025-02-28T13:57:55+00:00\" \/>\n<meta property=\"og:image\" content=\"https:\/\/www.armadamobility.nl\/wp-content\/uploads\/2024\/09\/landscape-fietsoverkapping.jpg\" \/>\n\t<meta property=\"og:image:width\" content=\"769\" \/>\n\t<meta property=\"og:image:height\" content=\"550\" \/>\n\t<meta property=\"og:image:type\" content=\"image\/jpeg\" \/>\n<meta name=\"twitter:card\" content=\"summary_large_image\" \/>\n<meta name=\"twitter:label1\" content=\"Gesch\u00e4tzte Lesezeit\" \/>\n\t<meta name=\"twitter:data1\" content=\"1\u00a0Minute\" \/>\n<script type=\"application\/ld+json\" class=\"yoast-schema-graph\">{\"@context\":\"https:\\\/\\\/schema.org\",\"@graph\":[{\"@type\":\"WebPage\",\"@id\":\"https:\\\/\\\/www.armadamobility.nl\\\/de\\\/product-groep\\\/fahrradparken\\\/\",\"url\":\"https:\\\/\\\/www.armadamobility.nl\\\/de\\\/product-groep\\\/fahrradparken\\\/\",\"name\":\"Fahrradparken | Armada Mobility\",\"isPartOf\":{\"@id\":\"https:\\\/\\\/www.armadamobility.nl\\\/#website\"},\"primaryImageOfPage\":{\"@id\":\"https:\\\/\\\/www.armadamobility.nl\\\/de\\\/product-groep\\\/fahrradparken\\\/#primaryimage\"},\"image\":{\"@id\":\"https:\\\/\\\/www.armadamobility.nl\\\/de\\\/product-groep\\\/fahrradparken\\\/#primaryimage\"},\"thumbnailUrl\":\"https:\\\/\\\/www.armadamobility.nl\\\/wp-content\\\/uploads\\\/2024\\\/09\\\/landscape-fietsoverkapping.jpg\",\"datePublished\":\"2024-09-30T12:38:09+00:00\",\"dateModified\":\"2025-02-28T13:57:55+00:00\",\"breadcrumb\":{\"@id\":\"https:\\\/\\\/www.armadamobility.nl\\\/de\\\/product-groep\\\/fahrradparken\\\/#breadcrumb\"},\"inLanguage\":\"de\",\"potentialAction\":[{\"@type\":\"ReadAction\",\"target\":[\"https:\\\/\\\/www.armadamobility.nl\\\/de\\\/product-groep\\\/fahrradparken\\\/\"]}]},{\"@type\":\"ImageObject\",\"inLanguage\":\"de\",\"@id\":\"https:\\\/\\\/www.armadamobility.nl\\\/de\\\/product-groep\\\/fahrradparken\\\/#primaryimage\",\"url\":\"https:\\\/\\\/www.armadamobility.nl\\\/wp-content\\\/uploads\\\/2024\\\/09\\\/landscape-fietsoverkapping.jpg\",\"contentUrl\":\"https:\\\/\\\/www.armadamobility.nl\\\/wp-content\\\/uploads\\\/2024\\\/09\\\/landscape-fietsoverkapping.jpg\",\"width\":769,\"height\":550},{\"@type\":\"BreadcrumbList\",\"@id\":\"https:\\\/\\\/www.armadamobility.nl\\\/de\\\/product-groep\\\/fahrradparken\\\/#breadcrumb\",\"itemListElement\":[{\"@type\":\"ListItem\",\"position\":1,\"name\":\"Home\",\"item\":\"https:\\\/\\\/www.armadamobility.nl\\\/\"},{\"@type\":\"ListItem\",\"position\":2,\"name\":\"Product groep\",\"item\":\"https:\\\/\\\/www.armadamobility.nl\\\/product-groep\\\/\"},{\"@type\":\"ListItem\",\"position\":3,\"name\":\"Fahrradparken\"}]},{\"@type\":\"WebSite\",\"@id\":\"https:\\\/\\\/www.armadamobility.nl\\\/#website\",\"url\":\"https:\\\/\\\/www.armadamobility.nl\\\/\",\"name\":\"Armada Mobility\",\"description\":\"Openbare voorzieningen &amp; Rail-Infra\",\"publisher\":{\"@id\":\"https:\\\/\\\/www.armadamobility.nl\\\/#organization\"},\"potentialAction\":[{\"@type\":\"SearchAction\",\"target\":{\"@type\":\"EntryPoint\",\"urlTemplate\":\"https:\\\/\\\/www.armadamobility.nl\\\/?s={search_term_string}\"},\"query-input\":{\"@type\":\"PropertyValueSpecification\",\"valueRequired\":true,\"valueName\":\"search_term_string\"}}],\"inLanguage\":\"de\"},{\"@type\":\"Organization\",\"@id\":\"https:\\\/\\\/www.armadamobility.nl\\\/#organization\",\"name\":\"Armada Mobility B.V.\",\"url\":\"https:\\\/\\\/www.armadamobility.nl\\\/\",\"logo\":{\"@type\":\"ImageObject\",\"inLanguage\":\"de\",\"@id\":\"https:\\\/\\\/www.armadamobility.nl\\\/#\\\/schema\\\/logo\\\/image\\\/\",\"url\":\"https:\\\/\\\/www.armadamobility.nl\\\/wp-content\\\/uploads\\\/2024\\\/09\\\/Logo-armada-mobility.svg\",\"contentUrl\":\"https:\\\/\\\/www.armadamobility.nl\\\/wp-content\\\/uploads\\\/2024\\\/09\\\/Logo-armada-mobility.svg\",\"width\":1699.5,\"height\":303.8,\"caption\":\"Armada Mobility B.V.\"},\"image\":{\"@id\":\"https:\\\/\\\/www.armadamobility.nl\\\/#\\\/schema\\\/logo\\\/image\\\/\"}}]}<\/script>\n<!-- \/ Yoast SEO plugin. -->","yoast_head_json":{"title":"Fahrradparken | Armada Mobility","robots":{"index":"index","follow":"follow","max-snippet":"max-snippet:-1","max-image-preview":"max-image-preview:large","max-video-preview":"max-video-preview:-1"},"canonical":"https:\/\/www.armadamobility.nl\/de\/product-groep\/fahrradparken\/","og_locale":"de_DE","og_type":"article","og_title":"Fahrradparken | Armada Mobility","og_description":"Suchen Sie nach praktischen und \u00e4sthetischen L\u00f6sungen f\u00fcr das Fahrradparken? Wir bieten ein breites Sortiment an \u00dcberdachungen, Fahrradst\u00e4ndern und Fahrradhalterungen, die sich f\u00fcr jede Umgebung eignen. Ob Bahnhof, Schule, Einkaufszentrum oder Unternehmensstandort \u2013 wir bieten sowohl ma\u00dfgeschneiderte als auch Standardl\u00f6sungen, um eine sichere und organisierte Fahrradabstellanlage zu gew\u00e4hrleisten. Unsere Fahrradparksysteme kombinieren Funktionalit\u00e4t und Design. Mit [&hellip;]","og_url":"https:\/\/www.armadamobility.nl\/de\/product-groep\/fahrradparken\/","og_site_name":"Armada Mobility","article_modified_time":"2025-02-28T13:57:55+00:00","og_image":[{"width":769,"height":550,"url":"https:\/\/www.armadamobility.nl\/wp-content\/uploads\/2024\/09\/landscape-fietsoverkapping.jpg","type":"image\/jpeg"}],"twitter_card":"summary_large_image","twitter_misc":{"Gesch\u00e4tzte Lesezeit":"1\u00a0Minute"},"schema":{"@context":"https:\/\/schema.org","@graph":[{"@type":"WebPage","@id":"https:\/\/www.armadamobility.nl\/de\/product-groep\/fahrradparken\/","url":"https:\/\/www.armadamobility.nl\/de\/product-groep\/fahrradparken\/","name":"Fahrradparken | Armada Mobility","isPartOf":{"@id":"https:\/\/www.armadamobility.nl\/#website"},"primaryImageOfPage":{"@id":"https:\/\/www.armadamobility.nl\/de\/product-groep\/fahrradparken\/#primaryimage"},"image":{"@id":"https:\/\/www.armadamobility.nl\/de\/product-groep\/fahrradparken\/#primaryimage"},"thumbnailUrl":"https:\/\/www.armadamobility.nl\/wp-content\/uploads\/2024\/09\/landscape-fietsoverkapping.jpg","datePublished":"2024-09-30T12:38:09+00:00","dateModified":"2025-02-28T13:57:55+00:00","breadcrumb":{"@id":"https:\/\/www.armadamobility.nl\/de\/product-groep\/fahrradparken\/#breadcrumb"},"inLanguage":"de","potentialAction":[{"@type":"ReadAction","target":["https:\/\/www.armadamobility.nl\/de\/product-groep\/fahrradparken\/"]}]},{"@type":"ImageObject","inLanguage":"de","@id":"https:\/\/www.armadamobility.nl\/de\/product-groep\/fahrradparken\/#primaryimage","url":"https:\/\/www.armadamobility.nl\/wp-content\/uploads\/2024\/09\/landscape-fietsoverkapping.jpg","contentUrl":"https:\/\/www.armadamobility.nl\/wp-content\/uploads\/2024\/09\/landscape-fietsoverkapping.jpg","width":769,"height":550},{"@type":"BreadcrumbList","@id":"https:\/\/www.armadamobility.nl\/de\/product-groep\/fahrradparken\/#breadcrumb","itemListElement":[{"@type":"ListItem","position":1,"name":"Home","item":"https:\/\/www.armadamobility.nl\/"},{"@type":"ListItem","position":2,"name":"Product groep","item":"https:\/\/www.armadamobility.nl\/product-groep\/"},{"@type":"ListItem","position":3,"name":"Fahrradparken"}]},{"@type":"WebSite","@id":"https:\/\/www.armadamobility.nl\/#website","url":"https:\/\/www.armadamobility.nl\/","name":"Armada Mobility","description":"Openbare voorzieningen &amp; Rail-Infra","publisher":{"@id":"https:\/\/www.armadamobility.nl\/#organization"},"potentialAction":[{"@type":"SearchAction","target":{"@type":"EntryPoint","urlTemplate":"https:\/\/www.armadamobility.nl\/?s={search_term_string}"},"query-input":{"@type":"PropertyValueSpecification","valueRequired":true,"valueName":"search_term_string"}}],"inLanguage":"de"},{"@type":"Organization","@id":"https:\/\/www.armadamobility.nl\/#organization","name":"Armada Mobility B.V.","url":"https:\/\/www.armadamobility.nl\/","logo":{"@type":"ImageObject","inLanguage":"de","@id":"https:\/\/www.armadamobility.nl\/#\/schema\/logo\/image\/","url":"https:\/\/www.armadamobility.nl\/wp-content\/uploads\/2024\/09\/Logo-armada-mobility.svg","contentUrl":"https:\/\/www.armadamobility.nl\/wp-content\/uploads\/2024\/09\/Logo-armada-mobility.svg","width":1699.5,"height":303.8,"caption":"Armada Mobility B.V."},"image":{"@id":"https:\/\/www.armadamobility.nl\/#\/schema\/logo\/image\/"}}]}},"_links":{"self":[{"href":"https:\/\/www.armadamobility.nl\/de\/wp-json\/wp\/v2\/producten\/4950","targetHints":{"allow":["GET"]}}],"collection":[{"href":"https:\/\/www.armadamobility.nl\/de\/wp-json\/wp\/v2\/producten"}],"about":[{"href":"https:\/\/www.armadamobility.nl\/de\/wp-json\/wp\/v2\/types\/producten"}],"version-history":[{"count":1,"href":"https:\/\/www.armadamobility.nl\/de\/wp-json\/wp\/v2\/producten\/4950\/revisions"}],"predecessor-version":[{"id":4951,"href":"https:\/\/www.armadamobility.nl\/de\/wp-json\/wp\/v2\/producten\/4950\/revisions\/4951"}],"wp:featuredmedia":[{"embeddable":true,"href":"https:\/\/www.armadamobility.nl\/de\/wp-json\/wp\/v2\/media\/2768"}],"wp:attachment":[{"href":"https:\/\/www.armadamobility.nl\/de\/wp-json\/wp\/v2\/media?parent=4950"}],"wp:term":[{"taxonomy":"product-categorieen","embeddable":true,"href":"https:\/\/www.armadamobility.nl\/de\/wp-json\/wp\/v2\/product-categorieen?post=4950"}],"curies":[{"name":"wp","href":"https:\/\/api.w.org\/{rel}","templated":true}]}}