{"id":4942,"date":"2024-10-02T13:33:37","date_gmt":"2024-10-02T12:33:37","guid":{"rendered":"https:\/\/www.armadamobility.nl\/product-groep\/fahrradschliessfaecher\/"},"modified":"2025-02-28T14:45:43","modified_gmt":"2025-02-28T13:45:43","slug":"fahrradschliessfaecher","status":"publish","type":"producten","link":"https:\/\/www.armadamobility.nl\/de\/produktgruppe\/fahrradschliessfaecher\/","title":{"rendered":"Fahrradschlie\u00dff\u00e4cher"},"content":{"rendered":"\t\t<div data-elementor-type=\"wp-post\" data-elementor-id=\"4942\" class=\"elementor elementor-4942 elementor-863\" data-elementor-post-type=\"producten\">\n\t\t\t\t<div class=\"elementor-element elementor-element-7e8b49b e-flex e-con-boxed e-con e-parent\" data-id=\"7e8b49b\" data-element_type=\"container\" data-e-type=\"container\" data-settings=\"{&quot;background_background&quot;:&quot;classic&quot;,&quot;jet_parallax_layout_list&quot;:[]}\">\n\t\t\t\t\t<div class=\"e-con-inner\">\n\t\t<div class=\"elementor-element elementor-element-aaa12c7 e-con-full e-flex e-con e-child\" data-id=\"aaa12c7\" data-element_type=\"container\" data-e-type=\"container\" data-settings=\"{&quot;jet_parallax_layout_list&quot;:[]}\">\n\t\t\t\t<div class=\"elementor-element elementor-element-85f35c3 elementor-widget elementor-widget-heading\" data-id=\"85f35c3\" data-element_type=\"widget\" data-e-type=\"widget\" data-widget_type=\"heading.default\">\n\t\t\t\t<div class=\"elementor-widget-container\">\n\t\t\t\t\t<h2 class=\"elementor-heading-title elementor-size-default\">Warum ein Fahrradschlie\u00dffach?<\/h2>\t\t\t\t<\/div>\n\t\t\t\t<\/div>\n\t\t\t\t<div class=\"elementor-element elementor-element-667d316 elementor-widget elementor-widget-text-editor\" data-id=\"667d316\" data-element_type=\"widget\" data-e-type=\"widget\" data-widget_type=\"text-editor.default\">\n\t\t\t\t<div class=\"elementor-widget-container\">\n\t\t\t\t\t\t\t\t\t<p>Bei Armada Mobility bieten wir innovative Fahrradschlie\u00dff\u00e4cher, die sowohl Sicherheit als auch Benutzerfreundlichkeit gew\u00e4hrleisten. Unsere Schlie\u00dff\u00e4cher k\u00f6nnen mit moderner Technologie ausgestattet werden, beispielsweise mit App-Zugang, sodass Nutzer ihr Schlie\u00dffach bequem reservieren und ihr Fahrrad sicher abstellen k\u00f6nnen.<br \/>Kein l\u00e4stiges Hantieren mit Schl\u00fcsseln mehr \u2013 alles kann \u00fcber Ihr Smartphone gesteuert werden! Ob an Bahnh\u00f6fen, Unternehmen oder in \u00f6ffentlichen R\u00e4umen \u2013 unsere Fahrradschlie\u00dff\u00e4cher bieten eine zuverl\u00e4ssige und sichere L\u00f6sung f\u00fcr das Fahrradparken. Durch die Kombination aus robuster Sicherheit und intelligenter Technologie erm\u00f6glichen wir ein sorgenfreies Parkerlebnis \u2013 mit nur einem Knopfdruck erhalten Sie Zugriff auf Ihr Schlie\u00dffach. Sicher, praktisch und einfach \u2013 das perfekte System f\u00fcr moderne Radfahrer!     <\/p>\n\t\t\t\t\t\t\t\t<\/div>\n\t\t\t\t<\/div>\n\t\t\t\t<\/div>\n\t\t<div class=\"elementor-element elementor-element-4d9cef0 e-con-full e-flex e-con e-child\" data-id=\"4d9cef0\" data-element_type=\"container\" data-e-type=\"container\" data-settings=\"{&quot;background_background&quot;:&quot;classic&quot;,&quot;jet_parallax_layout_list&quot;:[]}\">\n\t\t\t\t<\/div>\n\t\t\t\t\t<\/div>\n\t\t\t\t<\/div>\n\t\t<div class=\"elementor-element elementor-element-abbecc2 e-flex e-con-boxed e-con e-parent\" data-id=\"abbecc2\" data-element_type=\"container\" data-e-type=\"container\" data-settings=\"{&quot;jet_parallax_layout_list&quot;:[]}\">\n\t\t\t\t\t<div class=\"e-con-inner\">\n\t\t\t\t\t<\/div>\n\t\t\t\t<\/div>\n\t\t<div class=\"elementor-element elementor-element-d28f340 e-flex e-con-boxed e-con e-parent\" data-id=\"d28f340\" data-element_type=\"container\" data-e-type=\"container\" data-settings=\"{&quot;jet_parallax_layout_list&quot;:[]}\">\n\t\t\t\t\t<div class=\"e-con-inner\">\n\t\t\t\t\t<\/div>\n\t\t\t\t<\/div>\n\t\t\t\t<\/div>\n\t\t","protected":false},"excerpt":{"rendered":"<p>Warum ein Fahrradschlie\u00dffach? Bei Armada Mobility bieten wir innovative Fahrradschlie\u00dff\u00e4cher, die sowohl Sicherheit als auch Benutzerfreundlichkeit gew\u00e4hrleisten. Unsere Schlie\u00dff\u00e4cher k\u00f6nnen mit moderner Technologie ausgestattet werden, beispielsweise mit App-Zugang, sodass Nutzer ihr Schlie\u00dffach bequem reservieren und ihr Fahrrad sicher abstellen k\u00f6nnen.Kein l\u00e4stiges Hantieren mit Schl\u00fcsseln mehr \u2013 alles kann \u00fcber Ihr Smartphone gesteuert werden! Ob an [&hellip;]<\/p>\n","protected":false},"featured_media":4162,"template":"","product-categorieen":[],"class_list":["post-4942","producten","type-producten","status-publish","has-post-thumbnail","hentry"],"yoast_head":"<!-- This site is optimized with the Yoast SEO plugin v27.3 - https:\/\/yoast.com\/product\/yoast-seo-wordpress\/ -->\n<title>Fahrradschlie\u00dff\u00e4cher | Armada Mobility<\/title>\n<meta name=\"robots\" content=\"index, follow, max-snippet:-1, max-image-preview:large, max-video-preview:-1\" \/>\n<link rel=\"canonical\" href=\"https:\/\/www.armadamobility.nl\/de\/product-groep\/fahrradschliessfaecher\/\" \/>\n<meta property=\"og:locale\" content=\"de_DE\" \/>\n<meta property=\"og:type\" content=\"article\" \/>\n<meta property=\"og:title\" content=\"Fahrradschlie\u00dff\u00e4cher | Armada Mobility\" \/>\n<meta property=\"og:description\" content=\"Warum ein Fahrradschlie\u00dffach? Bei Armada Mobility bieten wir innovative Fahrradschlie\u00dff\u00e4cher, die sowohl Sicherheit als auch Benutzerfreundlichkeit gew\u00e4hrleisten. Unsere Schlie\u00dff\u00e4cher k\u00f6nnen mit moderner Technologie ausgestattet werden, beispielsweise mit App-Zugang, sodass Nutzer ihr Schlie\u00dffach bequem reservieren und ihr Fahrrad sicher abstellen k\u00f6nnen.Kein l\u00e4stiges Hantieren mit Schl\u00fcsseln mehr \u2013 alles kann \u00fcber Ihr Smartphone gesteuert werden! Ob an [&hellip;]\" \/>\n<meta property=\"og:url\" content=\"https:\/\/www.armadamobility.nl\/de\/product-groep\/fahrradschliessfaecher\/\" \/>\n<meta property=\"og:site_name\" content=\"Armada Mobility\" \/>\n<meta property=\"article:modified_time\" content=\"2025-02-28T13:45:43+00:00\" \/>\n<meta property=\"og:image\" content=\"https:\/\/www.armadamobility.nl\/wp-content\/uploads\/2025\/02\/fietskluis-e1740400808201.jpg\" \/>\n\t<meta property=\"og:image:width\" content=\"2500\" \/>\n\t<meta property=\"og:image:height\" content=\"1667\" \/>\n\t<meta property=\"og:image:type\" content=\"image\/jpeg\" \/>\n<meta name=\"twitter:card\" content=\"summary_large_image\" \/>\n<meta name=\"twitter:label1\" content=\"Gesch\u00e4tzte Lesezeit\" \/>\n\t<meta name=\"twitter:data1\" content=\"1\u00a0Minute\" \/>\n<script type=\"application\/ld+json\" class=\"yoast-schema-graph\">{\"@context\":\"https:\\\/\\\/schema.org\",\"@graph\":[{\"@type\":\"WebPage\",\"@id\":\"https:\\\/\\\/www.armadamobility.nl\\\/de\\\/product-groep\\\/fahrradschliessfaecher\\\/\",\"url\":\"https:\\\/\\\/www.armadamobility.nl\\\/de\\\/product-groep\\\/fahrradschliessfaecher\\\/\",\"name\":\"Fahrradschlie\u00dff\u00e4cher | Armada Mobility\",\"isPartOf\":{\"@id\":\"https:\\\/\\\/www.armadamobility.nl\\\/#website\"},\"primaryImageOfPage\":{\"@id\":\"https:\\\/\\\/www.armadamobility.nl\\\/de\\\/product-groep\\\/fahrradschliessfaecher\\\/#primaryimage\"},\"image\":{\"@id\":\"https:\\\/\\\/www.armadamobility.nl\\\/de\\\/product-groep\\\/fahrradschliessfaecher\\\/#primaryimage\"},\"thumbnailUrl\":\"https:\\\/\\\/www.armadamobility.nl\\\/wp-content\\\/uploads\\\/2025\\\/02\\\/fietskluis-e1740400808201.jpg\",\"datePublished\":\"2024-10-02T12:33:37+00:00\",\"dateModified\":\"2025-02-28T13:45:43+00:00\",\"breadcrumb\":{\"@id\":\"https:\\\/\\\/www.armadamobility.nl\\\/de\\\/product-groep\\\/fahrradschliessfaecher\\\/#breadcrumb\"},\"inLanguage\":\"de\",\"potentialAction\":[{\"@type\":\"ReadAction\",\"target\":[\"https:\\\/\\\/www.armadamobility.nl\\\/de\\\/product-groep\\\/fahrradschliessfaecher\\\/\"]}]},{\"@type\":\"ImageObject\",\"inLanguage\":\"de\",\"@id\":\"https:\\\/\\\/www.armadamobility.nl\\\/de\\\/product-groep\\\/fahrradschliessfaecher\\\/#primaryimage\",\"url\":\"https:\\\/\\\/www.armadamobility.nl\\\/wp-content\\\/uploads\\\/2025\\\/02\\\/fietskluis-e1740400808201.jpg\",\"contentUrl\":\"https:\\\/\\\/www.armadamobility.nl\\\/wp-content\\\/uploads\\\/2025\\\/02\\\/fietskluis-e1740400808201.jpg\",\"width\":2500,\"height\":1667},{\"@type\":\"BreadcrumbList\",\"@id\":\"https:\\\/\\\/www.armadamobility.nl\\\/de\\\/product-groep\\\/fahrradschliessfaecher\\\/#breadcrumb\",\"itemListElement\":[{\"@type\":\"ListItem\",\"position\":1,\"name\":\"Home\",\"item\":\"https:\\\/\\\/www.armadamobility.nl\\\/\"},{\"@type\":\"ListItem\",\"position\":2,\"name\":\"Product groep\",\"item\":\"https:\\\/\\\/www.armadamobility.nl\\\/product-groep\\\/\"},{\"@type\":\"ListItem\",\"position\":3,\"name\":\"Fahrradschlie\u00dff\u00e4cher\"}]},{\"@type\":\"WebSite\",\"@id\":\"https:\\\/\\\/www.armadamobility.nl\\\/#website\",\"url\":\"https:\\\/\\\/www.armadamobility.nl\\\/\",\"name\":\"Armada Mobility\",\"description\":\"Openbare voorzieningen &amp; Rail-Infra\",\"publisher\":{\"@id\":\"https:\\\/\\\/www.armadamobility.nl\\\/#organization\"},\"potentialAction\":[{\"@type\":\"SearchAction\",\"target\":{\"@type\":\"EntryPoint\",\"urlTemplate\":\"https:\\\/\\\/www.armadamobility.nl\\\/?s={search_term_string}\"},\"query-input\":{\"@type\":\"PropertyValueSpecification\",\"valueRequired\":true,\"valueName\":\"search_term_string\"}}],\"inLanguage\":\"de\"},{\"@type\":\"Organization\",\"@id\":\"https:\\\/\\\/www.armadamobility.nl\\\/#organization\",\"name\":\"Armada Mobility B.V.\",\"url\":\"https:\\\/\\\/www.armadamobility.nl\\\/\",\"logo\":{\"@type\":\"ImageObject\",\"inLanguage\":\"de\",\"@id\":\"https:\\\/\\\/www.armadamobility.nl\\\/#\\\/schema\\\/logo\\\/image\\\/\",\"url\":\"https:\\\/\\\/www.armadamobility.nl\\\/wp-content\\\/uploads\\\/2024\\\/09\\\/Logo-armada-mobility.svg\",\"contentUrl\":\"https:\\\/\\\/www.armadamobility.nl\\\/wp-content\\\/uploads\\\/2024\\\/09\\\/Logo-armada-mobility.svg\",\"width\":1699.5,\"height\":303.8,\"caption\":\"Armada Mobility B.V.\"},\"image\":{\"@id\":\"https:\\\/\\\/www.armadamobility.nl\\\/#\\\/schema\\\/logo\\\/image\\\/\"}}]}<\/script>\n<!-- \/ Yoast SEO plugin. -->","yoast_head_json":{"title":"Fahrradschlie\u00dff\u00e4cher | Armada Mobility","robots":{"index":"index","follow":"follow","max-snippet":"max-snippet:-1","max-image-preview":"max-image-preview:large","max-video-preview":"max-video-preview:-1"},"canonical":"https:\/\/www.armadamobility.nl\/de\/product-groep\/fahrradschliessfaecher\/","og_locale":"de_DE","og_type":"article","og_title":"Fahrradschlie\u00dff\u00e4cher | Armada Mobility","og_description":"Warum ein Fahrradschlie\u00dffach? Bei Armada Mobility bieten wir innovative Fahrradschlie\u00dff\u00e4cher, die sowohl Sicherheit als auch Benutzerfreundlichkeit gew\u00e4hrleisten. Unsere Schlie\u00dff\u00e4cher k\u00f6nnen mit moderner Technologie ausgestattet werden, beispielsweise mit App-Zugang, sodass Nutzer ihr Schlie\u00dffach bequem reservieren und ihr Fahrrad sicher abstellen k\u00f6nnen.Kein l\u00e4stiges Hantieren mit Schl\u00fcsseln mehr \u2013 alles kann \u00fcber Ihr Smartphone gesteuert werden! Ob an [&hellip;]","og_url":"https:\/\/www.armadamobility.nl\/de\/product-groep\/fahrradschliessfaecher\/","og_site_name":"Armada Mobility","article_modified_time":"2025-02-28T13:45:43+00:00","og_image":[{"width":2500,"height":1667,"url":"https:\/\/www.armadamobility.nl\/wp-content\/uploads\/2025\/02\/fietskluis-e1740400808201.jpg","type":"image\/jpeg"}],"twitter_card":"summary_large_image","twitter_misc":{"Gesch\u00e4tzte Lesezeit":"1\u00a0Minute"},"schema":{"@context":"https:\/\/schema.org","@graph":[{"@type":"WebPage","@id":"https:\/\/www.armadamobility.nl\/de\/product-groep\/fahrradschliessfaecher\/","url":"https:\/\/www.armadamobility.nl\/de\/product-groep\/fahrradschliessfaecher\/","name":"Fahrradschlie\u00dff\u00e4cher | Armada Mobility","isPartOf":{"@id":"https:\/\/www.armadamobility.nl\/#website"},"primaryImageOfPage":{"@id":"https:\/\/www.armadamobility.nl\/de\/product-groep\/fahrradschliessfaecher\/#primaryimage"},"image":{"@id":"https:\/\/www.armadamobility.nl\/de\/product-groep\/fahrradschliessfaecher\/#primaryimage"},"thumbnailUrl":"https:\/\/www.armadamobility.nl\/wp-content\/uploads\/2025\/02\/fietskluis-e1740400808201.jpg","datePublished":"2024-10-02T12:33:37+00:00","dateModified":"2025-02-28T13:45:43+00:00","breadcrumb":{"@id":"https:\/\/www.armadamobility.nl\/de\/product-groep\/fahrradschliessfaecher\/#breadcrumb"},"inLanguage":"de","potentialAction":[{"@type":"ReadAction","target":["https:\/\/www.armadamobility.nl\/de\/product-groep\/fahrradschliessfaecher\/"]}]},{"@type":"ImageObject","inLanguage":"de","@id":"https:\/\/www.armadamobility.nl\/de\/product-groep\/fahrradschliessfaecher\/#primaryimage","url":"https:\/\/www.armadamobility.nl\/wp-content\/uploads\/2025\/02\/fietskluis-e1740400808201.jpg","contentUrl":"https:\/\/www.armadamobility.nl\/wp-content\/uploads\/2025\/02\/fietskluis-e1740400808201.jpg","width":2500,"height":1667},{"@type":"BreadcrumbList","@id":"https:\/\/www.armadamobility.nl\/de\/product-groep\/fahrradschliessfaecher\/#breadcrumb","itemListElement":[{"@type":"ListItem","position":1,"name":"Home","item":"https:\/\/www.armadamobility.nl\/"},{"@type":"ListItem","position":2,"name":"Product groep","item":"https:\/\/www.armadamobility.nl\/product-groep\/"},{"@type":"ListItem","position":3,"name":"Fahrradschlie\u00dff\u00e4cher"}]},{"@type":"WebSite","@id":"https:\/\/www.armadamobility.nl\/#website","url":"https:\/\/www.armadamobility.nl\/","name":"Armada Mobility","description":"Openbare voorzieningen &amp; Rail-Infra","publisher":{"@id":"https:\/\/www.armadamobility.nl\/#organization"},"potentialAction":[{"@type":"SearchAction","target":{"@type":"EntryPoint","urlTemplate":"https:\/\/www.armadamobility.nl\/?s={search_term_string}"},"query-input":{"@type":"PropertyValueSpecification","valueRequired":true,"valueName":"search_term_string"}}],"inLanguage":"de"},{"@type":"Organization","@id":"https:\/\/www.armadamobility.nl\/#organization","name":"Armada Mobility B.V.","url":"https:\/\/www.armadamobility.nl\/","logo":{"@type":"ImageObject","inLanguage":"de","@id":"https:\/\/www.armadamobility.nl\/#\/schema\/logo\/image\/","url":"https:\/\/www.armadamobility.nl\/wp-content\/uploads\/2024\/09\/Logo-armada-mobility.svg","contentUrl":"https:\/\/www.armadamobility.nl\/wp-content\/uploads\/2024\/09\/Logo-armada-mobility.svg","width":1699.5,"height":303.8,"caption":"Armada Mobility B.V."},"image":{"@id":"https:\/\/www.armadamobility.nl\/#\/schema\/logo\/image\/"}}]}},"_links":{"self":[{"href":"https:\/\/www.armadamobility.nl\/de\/wp-json\/wp\/v2\/producten\/4942","targetHints":{"allow":["GET"]}}],"collection":[{"href":"https:\/\/www.armadamobility.nl\/de\/wp-json\/wp\/v2\/producten"}],"about":[{"href":"https:\/\/www.armadamobility.nl\/de\/wp-json\/wp\/v2\/types\/producten"}],"version-history":[{"count":1,"href":"https:\/\/www.armadamobility.nl\/de\/wp-json\/wp\/v2\/producten\/4942\/revisions"}],"predecessor-version":[{"id":4943,"href":"https:\/\/www.armadamobility.nl\/de\/wp-json\/wp\/v2\/producten\/4942\/revisions\/4943"}],"wp:featuredmedia":[{"embeddable":true,"href":"https:\/\/www.armadamobility.nl\/de\/wp-json\/wp\/v2\/media\/4162"}],"wp:attachment":[{"href":"https:\/\/www.armadamobility.nl\/de\/wp-json\/wp\/v2\/media?parent=4942"}],"wp:term":[{"taxonomy":"product-categorieen","embeddable":true,"href":"https:\/\/www.armadamobility.nl\/de\/wp-json\/wp\/v2\/product-categorieen?post=4942"}],"curies":[{"name":"wp","href":"https:\/\/api.w.org\/{rel}","templated":true}]}}