{"id":5012,"date":"2025-02-19T14:33:09","date_gmt":"2025-02-19T13:33:09","guid":{"rendered":"https:\/\/www.armadamobility.nl\/producten\/fahrradunterstand-prorail\/"},"modified":"2025-03-05T11:02:24","modified_gmt":"2025-03-05T10:02:24","slug":"fahrradunterstand-prorail","status":"publish","type":"product","link":"https:\/\/www.armadamobility.nl\/de\/produkte\/fahrradunterstand-prorail\/","title":{"rendered":"Fahrradunterstand Prorail"},"content":{"rendered":"\t\t<div data-elementor-type=\"wp-post\" data-elementor-id=\"5012\" class=\"elementor elementor-5012 elementor-4407\" data-elementor-post-type=\"product\">\n\t\t\t\t<div class=\"elementor-element elementor-element-a9fb447 e-flex e-con-boxed e-con e-parent\" data-id=\"a9fb447\" data-element_type=\"container\" data-e-type=\"container\" data-settings=\"{&quot;jet_parallax_layout_list&quot;:[]}\">\n\t\t\t\t\t<div class=\"e-con-inner\">\n\t\t\t\t<div class=\"elementor-element elementor-element-d2e55e8 elementor-widget elementor-widget-text-editor\" data-id=\"d2e55e8\" data-element_type=\"widget\" data-e-type=\"widget\" data-widget_type=\"text-editor.default\">\n\t\t\t\t<div class=\"elementor-widget-container\">\n\t\t\t\t\t\t\t\t\t<p>Der Bahnhof sollte eine funktionale, aber angenehme Umgebung f\u00fcr Reisende sein. Im Auftrag von ProRail sorgen wir daf\u00fcr, dass Reisende ihr Fahrrad komfortabel und sicher abstellen k\u00f6nnen. Im Rahmen der neuen Vereinbarung f\u00fcr den Aktionsplan Fahrradparken (ehemals \u201eRaum f\u00fcr das Fahrrad\u201c) d\u00fcrfen wir f\u00fcr ProRail Fahrradboxen und Fahrrad\u00fcberdachungen an nahezu jedem NS-Bahnhof liefern und installieren.  <\/p>\n<p>Diese Vereinbarung umfasst zwei Lose: eines f\u00fcr Fahrradboxen und eines f\u00fcr Fahrrad\u00fcberdachungen plus St\u00e4nder. Wir sind der neue Vertragspartner f\u00fcr beide Lose f\u00fcr die kommenden drei Jahre, mit einer m\u00f6glichen Verl\u00e4ngerung um zwei Jahre.  <\/p>\n\t\t\t\t\t\t\t\t<\/div>\n\t\t\t\t<\/div>\n\t\t\t\t<div class=\"elementor-element elementor-element-f040a27 elementor-widget elementor-widget-image\" data-id=\"f040a27\" data-element_type=\"widget\" data-e-type=\"widget\" data-widget_type=\"image.default\">\n\t\t\t\t<div class=\"elementor-widget-container\">\n\t\t\t\t\t\t\t\t\t\t\t\t\t\t\t<img fetchpriority=\"high\" decoding=\"async\" width=\"800\" height=\"543\" src=\"https:\/\/www.armadamobility.nl\/wp-content\/uploads\/2025\/03\/overk-2-1024x695.jpg\" class=\"attachment-large size-large wp-image-5132\" alt=\"\" srcset=\"https:\/\/www.armadamobility.nl\/wp-content\/uploads\/2025\/03\/overk-2-1024x695.jpg 1024w, https:\/\/www.armadamobility.nl\/wp-content\/uploads\/2025\/03\/overk-2-300x204.jpg 300w, https:\/\/www.armadamobility.nl\/wp-content\/uploads\/2025\/03\/overk-2-768x521.jpg 768w, https:\/\/www.armadamobility.nl\/wp-content\/uploads\/2025\/03\/overk-2.jpg 1200w\" sizes=\"(max-width: 800px) 100vw, 800px\" \/>\t\t\t\t\t\t\t\t\t\t\t\t\t\t\t<\/div>\n\t\t\t\t<\/div>\n\t\t\t\t\t<\/div>\n\t\t\t\t<\/div>\n\t\t\t\t<\/div>\n\t\t","protected":false},"excerpt":{"rendered":"<p>Der Bahnhof sollte eine funktionale, aber angenehme Umgebung f\u00fcr Reisende sein. Im Auftrag von ProRail sorgen wir daf\u00fcr, dass Reisende ihr Fahrrad komfortabel und sicher abstellen k\u00f6nnen. Im Rahmen der neuen Vereinbarung f\u00fcr den Aktionsplan Fahrradparken (ehemals \u201eRaum f\u00fcr das Fahrrad\u201c) d\u00fcrfen wir f\u00fcr ProRail Fahrradboxen und Fahrrad\u00fcberdachungen an nahezu jedem NS-Bahnhof liefern und installieren. [&hellip;]<\/p>\n","protected":false},"featured_media":5128,"parent":0,"template":"","class_list":["post-5012","product","type-product","status-publish","has-post-thumbnail","hentry"],"yoast_head":"<!-- This site is optimized with the Yoast SEO plugin v27.3 - https:\/\/yoast.com\/product\/yoast-seo-wordpress\/ -->\n<title>Fahrradunterstand Prorail | Armada Mobility<\/title>\n<meta name=\"robots\" content=\"index, follow, max-snippet:-1, max-image-preview:large, max-video-preview:-1\" \/>\n<link rel=\"canonical\" href=\"https:\/\/www.armadamobility.nl\/de\/producten\/fahrradunterstand-prorail\/\" \/>\n<meta property=\"og:locale\" content=\"de_DE\" \/>\n<meta property=\"og:type\" content=\"article\" \/>\n<meta property=\"og:title\" content=\"Fahrradunterstand Prorail | Armada Mobility\" \/>\n<meta property=\"og:description\" content=\"Der Bahnhof sollte eine funktionale, aber angenehme Umgebung f\u00fcr Reisende sein. Im Auftrag von ProRail sorgen wir daf\u00fcr, dass Reisende ihr Fahrrad komfortabel und sicher abstellen k\u00f6nnen. Im Rahmen der neuen Vereinbarung f\u00fcr den Aktionsplan Fahrradparken (ehemals \u201eRaum f\u00fcr das Fahrrad\u201c) d\u00fcrfen wir f\u00fcr ProRail Fahrradboxen und Fahrrad\u00fcberdachungen an nahezu jedem NS-Bahnhof liefern und installieren. [&hellip;]\" \/>\n<meta property=\"og:url\" content=\"https:\/\/www.armadamobility.nl\/de\/producten\/fahrradunterstand-prorail\/\" \/>\n<meta property=\"og:site_name\" content=\"Armada Mobility\" \/>\n<meta property=\"article:modified_time\" content=\"2025-03-05T10:02:24+00:00\" \/>\n<meta property=\"og:image\" content=\"https:\/\/www.armadamobility.nl\/wp-content\/uploads\/2025\/03\/overkapping-prorail.jpg\" \/>\n\t<meta property=\"og:image:width\" content=\"1090\" \/>\n\t<meta property=\"og:image:height\" content=\"822\" \/>\n\t<meta property=\"og:image:type\" content=\"image\/jpeg\" \/>\n<meta name=\"twitter:card\" content=\"summary_large_image\" \/>\n<meta name=\"twitter:label1\" content=\"Gesch\u00e4tzte Lesezeit\" \/>\n\t<meta name=\"twitter:data1\" content=\"1\u00a0Minute\" \/>\n<script type=\"application\/ld+json\" class=\"yoast-schema-graph\">{\"@context\":\"https:\\\/\\\/schema.org\",\"@graph\":[{\"@type\":\"WebPage\",\"@id\":\"https:\\\/\\\/www.armadamobility.nl\\\/de\\\/producten\\\/fahrradunterstand-prorail\\\/\",\"url\":\"https:\\\/\\\/www.armadamobility.nl\\\/de\\\/producten\\\/fahrradunterstand-prorail\\\/\",\"name\":\"Fahrradunterstand Prorail | Armada Mobility\",\"isPartOf\":{\"@id\":\"https:\\\/\\\/www.armadamobility.nl\\\/#website\"},\"primaryImageOfPage\":{\"@id\":\"https:\\\/\\\/www.armadamobility.nl\\\/de\\\/producten\\\/fahrradunterstand-prorail\\\/#primaryimage\"},\"image\":{\"@id\":\"https:\\\/\\\/www.armadamobility.nl\\\/de\\\/producten\\\/fahrradunterstand-prorail\\\/#primaryimage\"},\"thumbnailUrl\":\"https:\\\/\\\/www.armadamobility.nl\\\/wp-content\\\/uploads\\\/2025\\\/03\\\/overkapping-prorail.jpg\",\"datePublished\":\"2025-02-19T13:33:09+00:00\",\"dateModified\":\"2025-03-05T10:02:24+00:00\",\"breadcrumb\":{\"@id\":\"https:\\\/\\\/www.armadamobility.nl\\\/de\\\/producten\\\/fahrradunterstand-prorail\\\/#breadcrumb\"},\"inLanguage\":\"de\",\"potentialAction\":[{\"@type\":\"ReadAction\",\"target\":[\"https:\\\/\\\/www.armadamobility.nl\\\/de\\\/producten\\\/fahrradunterstand-prorail\\\/\"]}]},{\"@type\":\"ImageObject\",\"inLanguage\":\"de\",\"@id\":\"https:\\\/\\\/www.armadamobility.nl\\\/de\\\/producten\\\/fahrradunterstand-prorail\\\/#primaryimage\",\"url\":\"https:\\\/\\\/www.armadamobility.nl\\\/wp-content\\\/uploads\\\/2025\\\/03\\\/overkapping-prorail.jpg\",\"contentUrl\":\"https:\\\/\\\/www.armadamobility.nl\\\/wp-content\\\/uploads\\\/2025\\\/03\\\/overkapping-prorail.jpg\",\"width\":1090,\"height\":822},{\"@type\":\"BreadcrumbList\",\"@id\":\"https:\\\/\\\/www.armadamobility.nl\\\/de\\\/producten\\\/fahrradunterstand-prorail\\\/#breadcrumb\",\"itemListElement\":[{\"@type\":\"ListItem\",\"position\":1,\"name\":\"Home\",\"item\":\"https:\\\/\\\/www.armadamobility.nl\\\/\"},{\"@type\":\"ListItem\",\"position\":2,\"name\":\"Producten\",\"item\":\"https:\\\/\\\/www.armadamobility.nl\\\/producten\\\/\"},{\"@type\":\"ListItem\",\"position\":3,\"name\":\"Fahrradunterstand Prorail\"}]},{\"@type\":\"WebSite\",\"@id\":\"https:\\\/\\\/www.armadamobility.nl\\\/#website\",\"url\":\"https:\\\/\\\/www.armadamobility.nl\\\/\",\"name\":\"Armada Mobility\",\"description\":\"Openbare voorzieningen &amp; Rail-Infra\",\"publisher\":{\"@id\":\"https:\\\/\\\/www.armadamobility.nl\\\/#organization\"},\"potentialAction\":[{\"@type\":\"SearchAction\",\"target\":{\"@type\":\"EntryPoint\",\"urlTemplate\":\"https:\\\/\\\/www.armadamobility.nl\\\/?s={search_term_string}\"},\"query-input\":{\"@type\":\"PropertyValueSpecification\",\"valueRequired\":true,\"valueName\":\"search_term_string\"}}],\"inLanguage\":\"de\"},{\"@type\":\"Organization\",\"@id\":\"https:\\\/\\\/www.armadamobility.nl\\\/#organization\",\"name\":\"Armada Mobility B.V.\",\"url\":\"https:\\\/\\\/www.armadamobility.nl\\\/\",\"logo\":{\"@type\":\"ImageObject\",\"inLanguage\":\"de\",\"@id\":\"https:\\\/\\\/www.armadamobility.nl\\\/#\\\/schema\\\/logo\\\/image\\\/\",\"url\":\"https:\\\/\\\/www.armadamobility.nl\\\/wp-content\\\/uploads\\\/2024\\\/09\\\/Logo-armada-mobility.svg\",\"contentUrl\":\"https:\\\/\\\/www.armadamobility.nl\\\/wp-content\\\/uploads\\\/2024\\\/09\\\/Logo-armada-mobility.svg\",\"width\":1699.5,\"height\":303.8,\"caption\":\"Armada Mobility B.V.\"},\"image\":{\"@id\":\"https:\\\/\\\/www.armadamobility.nl\\\/#\\\/schema\\\/logo\\\/image\\\/\"}}]}<\/script>\n<!-- \/ Yoast SEO plugin. -->","yoast_head_json":{"title":"Fahrradunterstand Prorail | Armada Mobility","robots":{"index":"index","follow":"follow","max-snippet":"max-snippet:-1","max-image-preview":"max-image-preview:large","max-video-preview":"max-video-preview:-1"},"canonical":"https:\/\/www.armadamobility.nl\/de\/producten\/fahrradunterstand-prorail\/","og_locale":"de_DE","og_type":"article","og_title":"Fahrradunterstand Prorail | Armada Mobility","og_description":"Der Bahnhof sollte eine funktionale, aber angenehme Umgebung f\u00fcr Reisende sein. Im Auftrag von ProRail sorgen wir daf\u00fcr, dass Reisende ihr Fahrrad komfortabel und sicher abstellen k\u00f6nnen. Im Rahmen der neuen Vereinbarung f\u00fcr den Aktionsplan Fahrradparken (ehemals \u201eRaum f\u00fcr das Fahrrad\u201c) d\u00fcrfen wir f\u00fcr ProRail Fahrradboxen und Fahrrad\u00fcberdachungen an nahezu jedem NS-Bahnhof liefern und installieren. [&hellip;]","og_url":"https:\/\/www.armadamobility.nl\/de\/producten\/fahrradunterstand-prorail\/","og_site_name":"Armada Mobility","article_modified_time":"2025-03-05T10:02:24+00:00","og_image":[{"width":1090,"height":822,"url":"https:\/\/www.armadamobility.nl\/wp-content\/uploads\/2025\/03\/overkapping-prorail.jpg","type":"image\/jpeg"}],"twitter_card":"summary_large_image","twitter_misc":{"Gesch\u00e4tzte Lesezeit":"1\u00a0Minute"},"schema":{"@context":"https:\/\/schema.org","@graph":[{"@type":"WebPage","@id":"https:\/\/www.armadamobility.nl\/de\/producten\/fahrradunterstand-prorail\/","url":"https:\/\/www.armadamobility.nl\/de\/producten\/fahrradunterstand-prorail\/","name":"Fahrradunterstand Prorail | Armada Mobility","isPartOf":{"@id":"https:\/\/www.armadamobility.nl\/#website"},"primaryImageOfPage":{"@id":"https:\/\/www.armadamobility.nl\/de\/producten\/fahrradunterstand-prorail\/#primaryimage"},"image":{"@id":"https:\/\/www.armadamobility.nl\/de\/producten\/fahrradunterstand-prorail\/#primaryimage"},"thumbnailUrl":"https:\/\/www.armadamobility.nl\/wp-content\/uploads\/2025\/03\/overkapping-prorail.jpg","datePublished":"2025-02-19T13:33:09+00:00","dateModified":"2025-03-05T10:02:24+00:00","breadcrumb":{"@id":"https:\/\/www.armadamobility.nl\/de\/producten\/fahrradunterstand-prorail\/#breadcrumb"},"inLanguage":"de","potentialAction":[{"@type":"ReadAction","target":["https:\/\/www.armadamobility.nl\/de\/producten\/fahrradunterstand-prorail\/"]}]},{"@type":"ImageObject","inLanguage":"de","@id":"https:\/\/www.armadamobility.nl\/de\/producten\/fahrradunterstand-prorail\/#primaryimage","url":"https:\/\/www.armadamobility.nl\/wp-content\/uploads\/2025\/03\/overkapping-prorail.jpg","contentUrl":"https:\/\/www.armadamobility.nl\/wp-content\/uploads\/2025\/03\/overkapping-prorail.jpg","width":1090,"height":822},{"@type":"BreadcrumbList","@id":"https:\/\/www.armadamobility.nl\/de\/producten\/fahrradunterstand-prorail\/#breadcrumb","itemListElement":[{"@type":"ListItem","position":1,"name":"Home","item":"https:\/\/www.armadamobility.nl\/"},{"@type":"ListItem","position":2,"name":"Producten","item":"https:\/\/www.armadamobility.nl\/producten\/"},{"@type":"ListItem","position":3,"name":"Fahrradunterstand Prorail"}]},{"@type":"WebSite","@id":"https:\/\/www.armadamobility.nl\/#website","url":"https:\/\/www.armadamobility.nl\/","name":"Armada Mobility","description":"Openbare voorzieningen &amp; Rail-Infra","publisher":{"@id":"https:\/\/www.armadamobility.nl\/#organization"},"potentialAction":[{"@type":"SearchAction","target":{"@type":"EntryPoint","urlTemplate":"https:\/\/www.armadamobility.nl\/?s={search_term_string}"},"query-input":{"@type":"PropertyValueSpecification","valueRequired":true,"valueName":"search_term_string"}}],"inLanguage":"de"},{"@type":"Organization","@id":"https:\/\/www.armadamobility.nl\/#organization","name":"Armada Mobility B.V.","url":"https:\/\/www.armadamobility.nl\/","logo":{"@type":"ImageObject","inLanguage":"de","@id":"https:\/\/www.armadamobility.nl\/#\/schema\/logo\/image\/","url":"https:\/\/www.armadamobility.nl\/wp-content\/uploads\/2024\/09\/Logo-armada-mobility.svg","contentUrl":"https:\/\/www.armadamobility.nl\/wp-content\/uploads\/2024\/09\/Logo-armada-mobility.svg","width":1699.5,"height":303.8,"caption":"Armada Mobility B.V."},"image":{"@id":"https:\/\/www.armadamobility.nl\/#\/schema\/logo\/image\/"}}]}},"_links":{"self":[{"href":"https:\/\/www.armadamobility.nl\/de\/wp-json\/wp\/v2\/product\/5012","targetHints":{"allow":["GET"]}}],"collection":[{"href":"https:\/\/www.armadamobility.nl\/de\/wp-json\/wp\/v2\/product"}],"about":[{"href":"https:\/\/www.armadamobility.nl\/de\/wp-json\/wp\/v2\/types\/product"}],"version-history":[{"count":2,"href":"https:\/\/www.armadamobility.nl\/de\/wp-json\/wp\/v2\/product\/5012\/revisions"}],"predecessor-version":[{"id":5508,"href":"https:\/\/www.armadamobility.nl\/de\/wp-json\/wp\/v2\/product\/5012\/revisions\/5508"}],"wp:featuredmedia":[{"embeddable":true,"href":"https:\/\/www.armadamobility.nl\/de\/wp-json\/wp\/v2\/media\/5128"}],"wp:attachment":[{"href":"https:\/\/www.armadamobility.nl\/de\/wp-json\/wp\/v2\/media?parent=5012"}],"curies":[{"name":"wp","href":"https:\/\/api.w.org\/{rel}","templated":true}]}}