{"id":4998,"date":"2024-12-16T12:50:10","date_gmt":"2024-12-16T11:50:10","guid":{"rendered":"https:\/\/www.armadamobility.nl\/producten\/fahrradhalter-hy\/"},"modified":"2025-02-28T15:47:04","modified_gmt":"2025-02-28T14:47:04","slug":"fahrradhalter-hy","status":"publish","type":"product","link":"https:\/\/www.armadamobility.nl\/de\/produkte\/fahrradhalter-hy\/","title":{"rendered":"Fahrradhalter HY"},"content":{"rendered":"\t\t<div data-elementor-type=\"wp-post\" data-elementor-id=\"4998\" class=\"elementor elementor-4998 elementor-2971\" data-elementor-post-type=\"product\">\n\t\t\t\t<div class=\"elementor-element elementor-element-3421d26e e-flex e-con-boxed e-con e-parent\" data-id=\"3421d26e\" data-element_type=\"container\" data-e-type=\"container\" data-settings=\"{&quot;jet_parallax_layout_list&quot;:[]}\">\n\t\t\t\t\t<div class=\"e-con-inner\">\n\t\t\t\t<div class=\"elementor-element elementor-element-2b4b9645 elementor-widget elementor-widget-text-editor\" data-id=\"2b4b9645\" data-element_type=\"widget\" data-e-type=\"widget\" data-widget_type=\"text-editor.default\">\n\t\t\t\t<div class=\"elementor-widget-container\">\n\t\t\t\t\t\t\t\t\t\n          <p><\/p>\n          \n\n          <p>\n            <strong>Fahrradhalter HY: Sicherer und Stilvoller Fahrradst\u00e4nder<\/strong>\n          <\/p>\n          \n\n          <p><\/p>\n          \n\n          <p>Der HY-Fahrradhalter vereint Benutzerfreundlichkeit mit einem modernen Design. Jedes Fahrrad wird sicher und stabil geparkt, dank der Radklemme mit ergonomischen Verriegelungsm\u00f6glichkeiten, die eine einfache Befestigung eines Ketten- oder B\u00fcgelschlosses erm\u00f6glicht.  <\/p>\n          \n\n          <p><\/p>\n          \n\n          <p>Das Design eignet sich f\u00fcr alle Arten von Fahrradreifen und Raddurchmessern, was den St\u00e4nder vielseitig und praktisch macht.<\/p>\n          \n\n          <p><\/p>\n          \n\n          <pre class=\"wp-block-heading\"><strong>Technische omschrijving fietsbeugel HY<\/strong><\/pre>\n          \n\n          <p><\/p>\n          \n\n          <p>Der Achsenabstand ist in 375 mm, 400 mm oder einer individuellen Gr\u00f6\u00dfe auf Anfrage erh\u00e4ltlich. Der Fahrradst\u00e4nder kann auf einem Betonfundament, einer Unterf\u00fchrungsstruktur oder einer Bodenplatte montiert werden.<br>Die Radklemme ist in einseitiger und doppelseitiger Ausf\u00fchrung erh\u00e4ltlich und besteht aus feuerverzinktem Stahl. Der HY-Fahrradhalter kann zudem in jeder gew\u00fcnschten RAL-Farbe angepasst werden.   <\/p>\n          \n\n          <p><\/p>\n        \t\t\t\t\t\t\t\t<\/div>\n\t\t\t\t<\/div>\n\t\t\t\t\t<\/div>\n\t\t\t\t<\/div>\n\t\t\t\t<\/div>\n\t\t","protected":false},"excerpt":{"rendered":"<p>Fahrradhalter HY: Sicherer und Stilvoller Fahrradst\u00e4nder Der HY-Fahrradhalter vereint Benutzerfreundlichkeit mit einem modernen Design. Jedes Fahrrad wird sicher und stabil geparkt, dank der Radklemme mit ergonomischen Verriegelungsm\u00f6glichkeiten, die eine einfache Befestigung eines Ketten- oder B\u00fcgelschlosses erm\u00f6glicht. Das Design eignet sich f\u00fcr alle Arten von Fahrradreifen und Raddurchmessern, was den St\u00e4nder vielseitig und praktisch macht. Technische [&hellip;]<\/p>\n","protected":false},"featured_media":2829,"parent":0,"template":"","class_list":["post-4998","product","type-product","status-publish","has-post-thumbnail","hentry"],"yoast_head":"<!-- This site is optimized with the Yoast SEO plugin v27.3 - https:\/\/yoast.com\/product\/yoast-seo-wordpress\/ -->\n<title>Fahrradhalter HY | Armada Mobility<\/title>\n<meta name=\"robots\" content=\"index, follow, max-snippet:-1, max-image-preview:large, max-video-preview:-1\" \/>\n<link rel=\"canonical\" href=\"https:\/\/www.armadamobility.nl\/de\/producten\/fahrradhalter-hy\/\" \/>\n<meta property=\"og:locale\" content=\"de_DE\" \/>\n<meta property=\"og:type\" content=\"article\" \/>\n<meta property=\"og:title\" content=\"Fahrradhalter HY | Armada Mobility\" \/>\n<meta property=\"og:description\" content=\"Fahrradhalter HY: Sicherer und Stilvoller Fahrradst\u00e4nder Der HY-Fahrradhalter vereint Benutzerfreundlichkeit mit einem modernen Design. Jedes Fahrrad wird sicher und stabil geparkt, dank der Radklemme mit ergonomischen Verriegelungsm\u00f6glichkeiten, die eine einfache Befestigung eines Ketten- oder B\u00fcgelschlosses erm\u00f6glicht. Das Design eignet sich f\u00fcr alle Arten von Fahrradreifen und Raddurchmessern, was den St\u00e4nder vielseitig und praktisch macht. Technische [&hellip;]\" \/>\n<meta property=\"og:url\" content=\"https:\/\/www.armadamobility.nl\/de\/producten\/fahrradhalter-hy\/\" \/>\n<meta property=\"og:site_name\" content=\"Armada Mobility\" \/>\n<meta property=\"article:modified_time\" content=\"2025-02-28T14:47:04+00:00\" \/>\n<meta property=\"og:image\" content=\"https:\/\/www.armadamobility.nl\/wp-content\/uploads\/2024\/12\/HY-e1740499092313.jpg\" \/>\n\t<meta property=\"og:image:width\" content=\"1300\" \/>\n\t<meta property=\"og:image:height\" content=\"1733\" \/>\n\t<meta property=\"og:image:type\" content=\"image\/jpeg\" \/>\n<meta name=\"twitter:card\" content=\"summary_large_image\" \/>\n<meta name=\"twitter:label1\" content=\"Gesch\u00e4tzte Lesezeit\" \/>\n\t<meta name=\"twitter:data1\" content=\"1\u00a0Minute\" \/>\n<script type=\"application\/ld+json\" class=\"yoast-schema-graph\">{\"@context\":\"https:\\\/\\\/schema.org\",\"@graph\":[{\"@type\":\"WebPage\",\"@id\":\"https:\\\/\\\/www.armadamobility.nl\\\/de\\\/producten\\\/fahrradhalter-hy\\\/\",\"url\":\"https:\\\/\\\/www.armadamobility.nl\\\/de\\\/producten\\\/fahrradhalter-hy\\\/\",\"name\":\"Fahrradhalter HY | Armada Mobility\",\"isPartOf\":{\"@id\":\"https:\\\/\\\/www.armadamobility.nl\\\/#website\"},\"primaryImageOfPage\":{\"@id\":\"https:\\\/\\\/www.armadamobility.nl\\\/de\\\/producten\\\/fahrradhalter-hy\\\/#primaryimage\"},\"image\":{\"@id\":\"https:\\\/\\\/www.armadamobility.nl\\\/de\\\/producten\\\/fahrradhalter-hy\\\/#primaryimage\"},\"thumbnailUrl\":\"https:\\\/\\\/www.armadamobility.nl\\\/wp-content\\\/uploads\\\/2024\\\/12\\\/HY-e1740499092313.jpg\",\"datePublished\":\"2024-12-16T11:50:10+00:00\",\"dateModified\":\"2025-02-28T14:47:04+00:00\",\"breadcrumb\":{\"@id\":\"https:\\\/\\\/www.armadamobility.nl\\\/de\\\/producten\\\/fahrradhalter-hy\\\/#breadcrumb\"},\"inLanguage\":\"de\",\"potentialAction\":[{\"@type\":\"ReadAction\",\"target\":[\"https:\\\/\\\/www.armadamobility.nl\\\/de\\\/producten\\\/fahrradhalter-hy\\\/\"]}]},{\"@type\":\"ImageObject\",\"inLanguage\":\"de\",\"@id\":\"https:\\\/\\\/www.armadamobility.nl\\\/de\\\/producten\\\/fahrradhalter-hy\\\/#primaryimage\",\"url\":\"https:\\\/\\\/www.armadamobility.nl\\\/wp-content\\\/uploads\\\/2024\\\/12\\\/HY-e1740499092313.jpg\",\"contentUrl\":\"https:\\\/\\\/www.armadamobility.nl\\\/wp-content\\\/uploads\\\/2024\\\/12\\\/HY-e1740499092313.jpg\",\"width\":1300,\"height\":1733},{\"@type\":\"BreadcrumbList\",\"@id\":\"https:\\\/\\\/www.armadamobility.nl\\\/de\\\/producten\\\/fahrradhalter-hy\\\/#breadcrumb\",\"itemListElement\":[{\"@type\":\"ListItem\",\"position\":1,\"name\":\"Home\",\"item\":\"https:\\\/\\\/www.armadamobility.nl\\\/\"},{\"@type\":\"ListItem\",\"position\":2,\"name\":\"Producten\",\"item\":\"https:\\\/\\\/www.armadamobility.nl\\\/producten\\\/\"},{\"@type\":\"ListItem\",\"position\":3,\"name\":\"Fahrradhalter HY\"}]},{\"@type\":\"WebSite\",\"@id\":\"https:\\\/\\\/www.armadamobility.nl\\\/#website\",\"url\":\"https:\\\/\\\/www.armadamobility.nl\\\/\",\"name\":\"Armada Mobility\",\"description\":\"Openbare voorzieningen &amp; Rail-Infra\",\"publisher\":{\"@id\":\"https:\\\/\\\/www.armadamobility.nl\\\/#organization\"},\"potentialAction\":[{\"@type\":\"SearchAction\",\"target\":{\"@type\":\"EntryPoint\",\"urlTemplate\":\"https:\\\/\\\/www.armadamobility.nl\\\/?s={search_term_string}\"},\"query-input\":{\"@type\":\"PropertyValueSpecification\",\"valueRequired\":true,\"valueName\":\"search_term_string\"}}],\"inLanguage\":\"de\"},{\"@type\":\"Organization\",\"@id\":\"https:\\\/\\\/www.armadamobility.nl\\\/#organization\",\"name\":\"Armada Mobility B.V.\",\"url\":\"https:\\\/\\\/www.armadamobility.nl\\\/\",\"logo\":{\"@type\":\"ImageObject\",\"inLanguage\":\"de\",\"@id\":\"https:\\\/\\\/www.armadamobility.nl\\\/#\\\/schema\\\/logo\\\/image\\\/\",\"url\":\"https:\\\/\\\/www.armadamobility.nl\\\/wp-content\\\/uploads\\\/2024\\\/09\\\/Logo-armada-mobility.svg\",\"contentUrl\":\"https:\\\/\\\/www.armadamobility.nl\\\/wp-content\\\/uploads\\\/2024\\\/09\\\/Logo-armada-mobility.svg\",\"width\":1699.5,\"height\":303.8,\"caption\":\"Armada Mobility B.V.\"},\"image\":{\"@id\":\"https:\\\/\\\/www.armadamobility.nl\\\/#\\\/schema\\\/logo\\\/image\\\/\"}}]}<\/script>\n<!-- \/ Yoast SEO plugin. -->","yoast_head_json":{"title":"Fahrradhalter HY | Armada Mobility","robots":{"index":"index","follow":"follow","max-snippet":"max-snippet:-1","max-image-preview":"max-image-preview:large","max-video-preview":"max-video-preview:-1"},"canonical":"https:\/\/www.armadamobility.nl\/de\/producten\/fahrradhalter-hy\/","og_locale":"de_DE","og_type":"article","og_title":"Fahrradhalter HY | Armada Mobility","og_description":"Fahrradhalter HY: Sicherer und Stilvoller Fahrradst\u00e4nder Der HY-Fahrradhalter vereint Benutzerfreundlichkeit mit einem modernen Design. Jedes Fahrrad wird sicher und stabil geparkt, dank der Radklemme mit ergonomischen Verriegelungsm\u00f6glichkeiten, die eine einfache Befestigung eines Ketten- oder B\u00fcgelschlosses erm\u00f6glicht. Das Design eignet sich f\u00fcr alle Arten von Fahrradreifen und Raddurchmessern, was den St\u00e4nder vielseitig und praktisch macht. Technische [&hellip;]","og_url":"https:\/\/www.armadamobility.nl\/de\/producten\/fahrradhalter-hy\/","og_site_name":"Armada Mobility","article_modified_time":"2025-02-28T14:47:04+00:00","og_image":[{"width":1300,"height":1733,"url":"https:\/\/www.armadamobility.nl\/wp-content\/uploads\/2024\/12\/HY-e1740499092313.jpg","type":"image\/jpeg"}],"twitter_card":"summary_large_image","twitter_misc":{"Gesch\u00e4tzte Lesezeit":"1\u00a0Minute"},"schema":{"@context":"https:\/\/schema.org","@graph":[{"@type":"WebPage","@id":"https:\/\/www.armadamobility.nl\/de\/producten\/fahrradhalter-hy\/","url":"https:\/\/www.armadamobility.nl\/de\/producten\/fahrradhalter-hy\/","name":"Fahrradhalter HY | Armada Mobility","isPartOf":{"@id":"https:\/\/www.armadamobility.nl\/#website"},"primaryImageOfPage":{"@id":"https:\/\/www.armadamobility.nl\/de\/producten\/fahrradhalter-hy\/#primaryimage"},"image":{"@id":"https:\/\/www.armadamobility.nl\/de\/producten\/fahrradhalter-hy\/#primaryimage"},"thumbnailUrl":"https:\/\/www.armadamobility.nl\/wp-content\/uploads\/2024\/12\/HY-e1740499092313.jpg","datePublished":"2024-12-16T11:50:10+00:00","dateModified":"2025-02-28T14:47:04+00:00","breadcrumb":{"@id":"https:\/\/www.armadamobility.nl\/de\/producten\/fahrradhalter-hy\/#breadcrumb"},"inLanguage":"de","potentialAction":[{"@type":"ReadAction","target":["https:\/\/www.armadamobility.nl\/de\/producten\/fahrradhalter-hy\/"]}]},{"@type":"ImageObject","inLanguage":"de","@id":"https:\/\/www.armadamobility.nl\/de\/producten\/fahrradhalter-hy\/#primaryimage","url":"https:\/\/www.armadamobility.nl\/wp-content\/uploads\/2024\/12\/HY-e1740499092313.jpg","contentUrl":"https:\/\/www.armadamobility.nl\/wp-content\/uploads\/2024\/12\/HY-e1740499092313.jpg","width":1300,"height":1733},{"@type":"BreadcrumbList","@id":"https:\/\/www.armadamobility.nl\/de\/producten\/fahrradhalter-hy\/#breadcrumb","itemListElement":[{"@type":"ListItem","position":1,"name":"Home","item":"https:\/\/www.armadamobility.nl\/"},{"@type":"ListItem","position":2,"name":"Producten","item":"https:\/\/www.armadamobility.nl\/producten\/"},{"@type":"ListItem","position":3,"name":"Fahrradhalter HY"}]},{"@type":"WebSite","@id":"https:\/\/www.armadamobility.nl\/#website","url":"https:\/\/www.armadamobility.nl\/","name":"Armada Mobility","description":"Openbare voorzieningen &amp; Rail-Infra","publisher":{"@id":"https:\/\/www.armadamobility.nl\/#organization"},"potentialAction":[{"@type":"SearchAction","target":{"@type":"EntryPoint","urlTemplate":"https:\/\/www.armadamobility.nl\/?s={search_term_string}"},"query-input":{"@type":"PropertyValueSpecification","valueRequired":true,"valueName":"search_term_string"}}],"inLanguage":"de"},{"@type":"Organization","@id":"https:\/\/www.armadamobility.nl\/#organization","name":"Armada Mobility B.V.","url":"https:\/\/www.armadamobility.nl\/","logo":{"@type":"ImageObject","inLanguage":"de","@id":"https:\/\/www.armadamobility.nl\/#\/schema\/logo\/image\/","url":"https:\/\/www.armadamobility.nl\/wp-content\/uploads\/2024\/09\/Logo-armada-mobility.svg","contentUrl":"https:\/\/www.armadamobility.nl\/wp-content\/uploads\/2024\/09\/Logo-armada-mobility.svg","width":1699.5,"height":303.8,"caption":"Armada Mobility B.V."},"image":{"@id":"https:\/\/www.armadamobility.nl\/#\/schema\/logo\/image\/"}}]}},"_links":{"self":[{"href":"https:\/\/www.armadamobility.nl\/de\/wp-json\/wp\/v2\/product\/4998","targetHints":{"allow":["GET"]}}],"collection":[{"href":"https:\/\/www.armadamobility.nl\/de\/wp-json\/wp\/v2\/product"}],"about":[{"href":"https:\/\/www.armadamobility.nl\/de\/wp-json\/wp\/v2\/types\/product"}],"version-history":[{"count":1,"href":"https:\/\/www.armadamobility.nl\/de\/wp-json\/wp\/v2\/product\/4998\/revisions"}],"predecessor-version":[{"id":4999,"href":"https:\/\/www.armadamobility.nl\/de\/wp-json\/wp\/v2\/product\/4998\/revisions\/4999"}],"wp:featuredmedia":[{"embeddable":true,"href":"https:\/\/www.armadamobility.nl\/de\/wp-json\/wp\/v2\/media\/2829"}],"wp:attachment":[{"href":"https:\/\/www.armadamobility.nl\/de\/wp-json\/wp\/v2\/media?parent=4998"}],"curies":[{"name":"wp","href":"https:\/\/api.w.org\/{rel}","templated":true}]}}