{"id":5305,"date":"2024-10-02T09:45:25","date_gmt":"2024-10-02T08:45:25","guid":{"rendered":"https:\/\/www.armadamobility.nl\/datenschutzerklaerung\/"},"modified":"2025-03-03T15:16:21","modified_gmt":"2025-03-03T14:16:21","slug":"datenschutzerklaerung","status":"publish","type":"page","link":"https:\/\/www.armadamobility.nl\/de\/datenschutzerklaerung\/","title":{"rendered":"Datenschutzerkl\u00e4rung"},"content":{"rendered":"\t\t<div data-elementor-type=\"wp-page\" data-elementor-id=\"5305\" class=\"elementor elementor-5305 elementor-701\" data-elementor-post-type=\"page\">\n\t\t\t\t<div class=\"elementor-element elementor-element-8c770aa e-flex e-con-boxed e-con e-parent\" data-id=\"8c770aa\" data-element_type=\"container\" data-e-type=\"container\" data-settings=\"{&quot;background_background&quot;:&quot;classic&quot;,&quot;jet_parallax_layout_list&quot;:[]}\">\n\t\t\t\t\t<div class=\"e-con-inner\">\n\t\t\t\t<div class=\"elementor-element elementor-element-495070c elementor-widget elementor-widget-breadcrumbs\" data-id=\"495070c\" data-element_type=\"widget\" data-e-type=\"widget\" data-widget_type=\"breadcrumbs.default\">\n\t\t\t\t<div class=\"elementor-widget-container\">\n\t\t\t\t\t<p id=\"breadcrumbs\"><span><span><a href=\"https:\/\/www.armadamobility.nl\/\">Home<\/a><\/span><\/span><\/p>\t\t\t\t<\/div>\n\t\t\t\t<\/div>\n\t\t\t\t<div class=\"elementor-element elementor-element-7433b96 elementor-widget elementor-widget-heading\" data-id=\"7433b96\" data-element_type=\"widget\" data-e-type=\"widget\" data-widget_type=\"heading.default\">\n\t\t\t\t<div class=\"elementor-widget-container\">\n\t\t\t\t\t<h1 class=\"elementor-heading-title elementor-size-default\">Datenschutzerkl\u00e4rung<\/h1>\t\t\t\t<\/div>\n\t\t\t\t<\/div>\n\t\t\t\t\t<\/div>\n\t\t\t\t<\/div>\n\t\t<div class=\"elementor-element elementor-element-0eea5eb e-flex e-con-boxed e-con e-parent\" data-id=\"0eea5eb\" data-element_type=\"container\" data-e-type=\"container\" data-settings=\"{&quot;background_background&quot;:&quot;classic&quot;,&quot;jet_parallax_layout_list&quot;:[]}\">\n\t\t\t\t\t<div class=\"e-con-inner\">\n\t\t<div class=\"elementor-element elementor-element-f106c1e e-con-full e-flex e-con e-child\" data-id=\"f106c1e\" data-element_type=\"container\" data-e-type=\"container\" data-settings=\"{&quot;jet_parallax_layout_list&quot;:[]}\">\n\t\t<div class=\"elementor-element elementor-element-5097fde e-con-full e-flex e-con e-child\" data-id=\"5097fde\" data-element_type=\"container\" data-e-type=\"container\" data-settings=\"{&quot;background_background&quot;:&quot;classic&quot;,&quot;jet_parallax_layout_list&quot;:[]}\">\n\t\t\t\t<div class=\"elementor-element elementor-element-5e2b796 elementor-widget elementor-widget-text-editor\" data-id=\"5e2b796\" data-element_type=\"widget\" data-e-type=\"widget\" data-widget_type=\"text-editor.default\">\n\t\t\t\t<div class=\"elementor-widget-container\">\n\t\t\t\t\t\t\t\t\t<p><strong>F\u00fcr wen gilt diese Erkl\u00e4rung?<\/strong><\/p>\n<p>Armada Mobility B.V. informiert dar\u00fcber, wie wir mit personenbezogenen Daten umgehen, durch verschiedene Datenschutzerkl\u00e4rungen.<\/p>\n<p>Diese Datenschutzerkl\u00e4rung ist relevant f\u00fcr:<\/p>\n<ul>\n<li>Nutzer der Website von Armada Mobility B.V.<\/li>\n<\/ul>\n<p>F\u00fcr Mitarbeiter und deren Familienangeh\u00f6rige, Bewerber sowie Kunden, Lieferanten und andere Auftragnehmer gelten separate Datenschutzerkl\u00e4rungen.<\/p>\n<p><strong>Was sind personenbezogene Daten?<\/strong><\/p>\n<p><em><strong>Personenbezogene Daten<\/strong><\/em> sind Informationen \u00fcber eine identifizierte oder identifizierbare nat\u00fcrliche Person. Dies bedeutet, dass die Informationen entweder direkt eine Person betreffen oder auf sie zur\u00fcckgef\u00fchrt werden k\u00f6nnen, wie z. B. Name, Adresse, Telefonnummer oder Steueridentifikationsnummer. <\/p>\n<p>Neben \u201egew\u00f6hnlichen\u201c personenbezogenen Daten gibt es auch <em><strong>besondere Kategorien personenbezogener Daten<\/strong><\/em>, darunter Angaben zur rassischen oder ethnischen Herkunft, politische Meinungen, religi\u00f6se oder weltanschauliche \u00dcberzeugungen, Gewerkschaftszugeh\u00f6rigkeit sowie strafrechtliche Daten.<\/p>\n<p><strong>Wer ist f\u00fcr die personenbezogenen Daten verantwortlich?<\/strong><\/p>\n<p>Armada Mobility B.V., deren Website Sie besuchen, ist f\u00fcr die Verarbeitung der personenbezogenen Daten verantwortlich. <\/p>\n<p><strong>Welche personenbezogenen Daten werden verarbeitet?<\/strong><\/p>\n<p><strong>IP-Adresse<\/strong><\/p>\n<p>Wenn Sie unsere Website besuchen, verarbeiten wir Ihre IP-Adresse, um mit Ihrem Computer, Mobilger\u00e4t oder Tablet zu kommunizieren.<\/p>\n<p><strong>Contactformulier<\/strong><\/p>\n<p>Wenn Sie das Kontaktformular nutzen, verarbeiten wir Ihren Namen, Ihre E-Mail-Adresse, den Firmennamen, Ihre Telefonnummer sowie ggf. in Ihrer Nachricht enthaltene personenbezogene Daten.<\/p>\n<p><strong>E-mail<\/strong><\/p>\n<p>Wenn Sie uns eine E-Mail senden, verarbeiten wir Ihre E-Mail-Adresse und ggf. in Ihrer Nachricht enthaltene personenbezogene Daten, wie Ihren Namen und Ihre Kontaktdaten.<\/p>\n<p><strong>Cookies<br \/><\/strong>Unsere Websites verwenden Cookies. Cookies sind kleine Textdateien, die dazu dienen, die Funktionalit\u00e4t unserer Websites zu verbessern. Wir verwenden Cookies, um die Benutzererfahrung zu optimieren und den Website-Traffic zu analysieren.  <\/p>\n<p>Weitere Informationen finden Sie in unserer [<a href=\"https:\/\/www.andusgroep.nl\/nl\/cookieverklaring\/\">Cookie-Erkl\u00e4rung]<\/a>.<\/p>\n<p><strong>Warum werden personenbezogene Daten verarbeitet?<\/strong><\/p>\n<p>Wir verwenden Ihre Daten, um mit Ihnen in Kontakt zu treten. <\/p>\n<p><strong>Von wem erh\u00e4lt Armada Mobility B.V. personenbezogene Daten?<\/strong><\/p>\n<p>Wir erhalten Daten direkt von Ihnen, wenn Sie unsere Website besuchen, ein Kontaktformular ausf\u00fcllen oder uns eine E-Mail senden.<\/p>\n<p><strong>Wir erhalten Daten direkt von Ihnen, wenn Sie unsere Website besuchen, ein Kontaktformular ausf\u00fcllen oder uns eine E-Mail senden.<\/strong><\/p>\n<p>Personenbezogene Daten von Website-Nutzern werden f\u00fcnf Jahre nach dem Kalenderjahr, in dem der letzte Kontakt stattgefunden hat, gespeichert.<\/p>\n<p><strong>Gibt <\/strong><span class=\"orange\" style=\"font-weight: bolder;\">Armada Mobility B.V.<\/span> <strong>personenbezogene Daten an Dritte weiter?<\/strong><\/p>\n<p>Wir geben Ihre Daten nicht zu kommerziellen Zwecken an Dritte weiter.<\/p>\n<p><strong>Wie werden personenbezogene Daten gesch\u00fctzt?<\/strong><\/p>\n<p>Armada Mobility B.V. nimmt den Schutz personenbezogener Daten ernst und trifft geeignete technische und organisatorische Ma\u00dfnahmen, um Missbrauch, Verlust, unbefugten Zugriff, unerw\u00fcnschte Offenlegung und unrechtm\u00e4\u00dfige \u00c4nderungen zu verhindern. Von unseren Dienstleistern verlangen wir dasselbe und vereinbaren dies vertraglich. <\/p>\n<p><strong>Datenschutzrechte<\/strong><\/p>\n<p>Nutzer unserer Websites, die \u201ebetroffenen Personen\u201c, haben folgende Rechte:<\/p>\n<ul>\n<li>Recht auf Information: Betroffene haben das Recht zu erfahren, ob und welche personenbezogenen Daten \u00fcber sie verarbeitet werden.<\/li>\n<li>Auskunftsrecht: Betroffene k\u00f6nnen \u00fcberpr\u00fcfen, ob und auf welche Weise ihre Daten verarbeitet werden<\/li>\n<li>Recht auf Berichtigung: Falls Daten fehlerhaft sind, kann die betroffene Person eine Korrektur beantragen.<\/li>\n<li>Recht auf Vergessenwerden: Falls die betroffene Person ihre Zustimmung zur Datenverarbeitung gegeben hat, hat sie das Recht, die L\u00f6schung ihrer personenbezogenen Daten zu beantragen.<\/li>\n<\/ul>\n<p><strong>Kontaktinformationen<\/strong><\/p>\n<p>Falls Sie Fragen zu unserer Datenschutzrichtlinie haben oder Ihre Rechte aus\u00fcben m\u00f6chten, kontaktieren Sie uns bitte unter:<\/p>\n<p>Armada Mobility B.V.<\/p>\n<p>Groningenhaven 2<br \/>3433 PE Nieuwegein<br \/>Postbus 1438<br \/>3430 BK Nieuwegein<\/p>\n<p>+31 (0)30 246 95 00<\/p>\n<p><a href=\"mailto:info@andusgroup.com\">info@armadamobility.nl<\/a><\/p>\n<p>Beschwerderecht<br \/>Falls ein Website-Nutzer mit der Antwort von Armada Mobility B.V. nicht zufrieden ist, kann er oder sie eine Beschwerde bei der zust\u00e4ndigen Datenschutzbeh\u00f6rde oder der niederl\u00e4ndischen Datenschutzbeh\u00f6rde (Autoriteit Persoonsgegevens) einreichen. Besuchsadresse: Prins Clauslaan 60, 2595 AJ Den Haag.<\/p>\n<p><strong>\u00c4nderungen dieser Datenschutzerkl\u00e4rung<\/strong><\/p>\n<p>Wir behalten uns das Recht vor, diese Datenschutzerkl\u00e4rung zu \u00e4ndern. Die aktuellste Version ist jederzeit auf unserer Website verf\u00fcgbar. Diese Erkl\u00e4rung wurde zuletzt am 05. M\u00e4rz 2025 aktualisiert.. <\/p>\n\t\t\t\t\t\t\t\t<\/div>\n\t\t\t\t<\/div>\n\t\t\t\t<\/div>\n\t\t\t\t<\/div>\n\t\t\t\t\t<\/div>\n\t\t\t\t<\/div>\n\t\t\t\t<\/div>\n\t\t","protected":false},"excerpt":{"rendered":"<p>Datenschutzerkl\u00e4rung F\u00fcr wen gilt diese Erkl\u00e4rung? Armada Mobility B.V. informiert dar\u00fcber, wie wir mit personenbezogenen Daten umgehen, durch verschiedene Datenschutzerkl\u00e4rungen. Diese Datenschutzerkl\u00e4rung ist relevant f\u00fcr: Nutzer der Website von Armada Mobility B.V. F\u00fcr Mitarbeiter und deren Familienangeh\u00f6rige, Bewerber sowie Kunden, Lieferanten und andere Auftragnehmer gelten separate Datenschutzerkl\u00e4rungen. Was sind personenbezogene Daten? Personenbezogene Daten sind Informationen [&hellip;]<\/p>\n","protected":false},"author":1,"featured_media":0,"parent":0,"menu_order":0,"comment_status":"closed","ping_status":"closed","template":"","meta":{"footnotes":""},"class_list":["post-5305","page","type-page","status-publish","hentry"],"yoast_head":"<!-- This site is optimized with the Yoast SEO plugin v27.3 - https:\/\/yoast.com\/product\/yoast-seo-wordpress\/ -->\n<title>Datenschutzerkl\u00e4rung | Armada Mobility<\/title>\n<meta name=\"robots\" content=\"index, follow, max-snippet:-1, max-image-preview:large, max-video-preview:-1\" \/>\n<link rel=\"canonical\" href=\"https:\/\/www.armadamobility.nl\/de\/datenschutzerklaerung\/\" \/>\n<meta property=\"og:locale\" content=\"de_DE\" \/>\n<meta property=\"og:type\" content=\"article\" \/>\n<meta property=\"og:title\" content=\"Datenschutzerkl\u00e4rung | Armada Mobility\" \/>\n<meta property=\"og:description\" content=\"Datenschutzerkl\u00e4rung F\u00fcr wen gilt diese Erkl\u00e4rung? Armada Mobility B.V. informiert dar\u00fcber, wie wir mit personenbezogenen Daten umgehen, durch verschiedene Datenschutzerkl\u00e4rungen. Diese Datenschutzerkl\u00e4rung ist relevant f\u00fcr: Nutzer der Website von Armada Mobility B.V. F\u00fcr Mitarbeiter und deren Familienangeh\u00f6rige, Bewerber sowie Kunden, Lieferanten und andere Auftragnehmer gelten separate Datenschutzerkl\u00e4rungen. Was sind personenbezogene Daten? Personenbezogene Daten sind Informationen [&hellip;]\" \/>\n<meta property=\"og:url\" content=\"https:\/\/www.armadamobility.nl\/de\/datenschutzerklaerung\/\" \/>\n<meta property=\"og:site_name\" content=\"Armada Mobility\" \/>\n<meta property=\"article:modified_time\" content=\"2025-03-03T14:16:21+00:00\" \/>\n<meta name=\"twitter:card\" content=\"summary_large_image\" \/>\n<meta name=\"twitter:label1\" content=\"Gesch\u00e4tzte Lesezeit\" \/>\n\t<meta name=\"twitter:data1\" content=\"3\u00a0Minuten\" \/>\n<script type=\"application\/ld+json\" class=\"yoast-schema-graph\">{\"@context\":\"https:\\\/\\\/schema.org\",\"@graph\":[{\"@type\":\"WebPage\",\"@id\":\"https:\\\/\\\/www.armadamobility.nl\\\/de\\\/datenschutzerklaerung\\\/\",\"url\":\"https:\\\/\\\/www.armadamobility.nl\\\/de\\\/datenschutzerklaerung\\\/\",\"name\":\"Datenschutzerkl\u00e4rung | Armada Mobility\",\"isPartOf\":{\"@id\":\"https:\\\/\\\/www.armadamobility.nl\\\/#website\"},\"datePublished\":\"2024-10-02T08:45:25+00:00\",\"dateModified\":\"2025-03-03T14:16:21+00:00\",\"breadcrumb\":{\"@id\":\"https:\\\/\\\/www.armadamobility.nl\\\/de\\\/datenschutzerklaerung\\\/#breadcrumb\"},\"inLanguage\":\"de\",\"potentialAction\":[{\"@type\":\"ReadAction\",\"target\":[\"https:\\\/\\\/www.armadamobility.nl\\\/de\\\/datenschutzerklaerung\\\/\"]}]},{\"@type\":\"BreadcrumbList\",\"@id\":\"https:\\\/\\\/www.armadamobility.nl\\\/de\\\/datenschutzerklaerung\\\/#breadcrumb\",\"itemListElement\":[{\"@type\":\"ListItem\",\"position\":1,\"name\":\"Home\",\"item\":\"https:\\\/\\\/www.armadamobility.nl\\\/\"},{\"@type\":\"ListItem\",\"position\":2,\"name\":\"Datenschutzerkl\u00e4rung\"}]},{\"@type\":\"WebSite\",\"@id\":\"https:\\\/\\\/www.armadamobility.nl\\\/#website\",\"url\":\"https:\\\/\\\/www.armadamobility.nl\\\/\",\"name\":\"Armada Mobility\",\"description\":\"Openbare voorzieningen &amp; Rail-Infra\",\"publisher\":{\"@id\":\"https:\\\/\\\/www.armadamobility.nl\\\/#organization\"},\"potentialAction\":[{\"@type\":\"SearchAction\",\"target\":{\"@type\":\"EntryPoint\",\"urlTemplate\":\"https:\\\/\\\/www.armadamobility.nl\\\/?s={search_term_string}\"},\"query-input\":{\"@type\":\"PropertyValueSpecification\",\"valueRequired\":true,\"valueName\":\"search_term_string\"}}],\"inLanguage\":\"de\"},{\"@type\":\"Organization\",\"@id\":\"https:\\\/\\\/www.armadamobility.nl\\\/#organization\",\"name\":\"Armada Mobility B.V.\",\"url\":\"https:\\\/\\\/www.armadamobility.nl\\\/\",\"logo\":{\"@type\":\"ImageObject\",\"inLanguage\":\"de\",\"@id\":\"https:\\\/\\\/www.armadamobility.nl\\\/#\\\/schema\\\/logo\\\/image\\\/\",\"url\":\"https:\\\/\\\/www.armadamobility.nl\\\/wp-content\\\/uploads\\\/2024\\\/09\\\/Logo-armada-mobility.svg\",\"contentUrl\":\"https:\\\/\\\/www.armadamobility.nl\\\/wp-content\\\/uploads\\\/2024\\\/09\\\/Logo-armada-mobility.svg\",\"width\":1699.5,\"height\":303.8,\"caption\":\"Armada Mobility B.V.\"},\"image\":{\"@id\":\"https:\\\/\\\/www.armadamobility.nl\\\/#\\\/schema\\\/logo\\\/image\\\/\"}}]}<\/script>\n<!-- \/ Yoast SEO plugin. -->","yoast_head_json":{"title":"Datenschutzerkl\u00e4rung | Armada Mobility","robots":{"index":"index","follow":"follow","max-snippet":"max-snippet:-1","max-image-preview":"max-image-preview:large","max-video-preview":"max-video-preview:-1"},"canonical":"https:\/\/www.armadamobility.nl\/de\/datenschutzerklaerung\/","og_locale":"de_DE","og_type":"article","og_title":"Datenschutzerkl\u00e4rung | Armada Mobility","og_description":"Datenschutzerkl\u00e4rung F\u00fcr wen gilt diese Erkl\u00e4rung? Armada Mobility B.V. informiert dar\u00fcber, wie wir mit personenbezogenen Daten umgehen, durch verschiedene Datenschutzerkl\u00e4rungen. Diese Datenschutzerkl\u00e4rung ist relevant f\u00fcr: Nutzer der Website von Armada Mobility B.V. F\u00fcr Mitarbeiter und deren Familienangeh\u00f6rige, Bewerber sowie Kunden, Lieferanten und andere Auftragnehmer gelten separate Datenschutzerkl\u00e4rungen. Was sind personenbezogene Daten? Personenbezogene Daten sind Informationen [&hellip;]","og_url":"https:\/\/www.armadamobility.nl\/de\/datenschutzerklaerung\/","og_site_name":"Armada Mobility","article_modified_time":"2025-03-03T14:16:21+00:00","twitter_card":"summary_large_image","twitter_misc":{"Gesch\u00e4tzte Lesezeit":"3\u00a0Minuten"},"schema":{"@context":"https:\/\/schema.org","@graph":[{"@type":"WebPage","@id":"https:\/\/www.armadamobility.nl\/de\/datenschutzerklaerung\/","url":"https:\/\/www.armadamobility.nl\/de\/datenschutzerklaerung\/","name":"Datenschutzerkl\u00e4rung | Armada Mobility","isPartOf":{"@id":"https:\/\/www.armadamobility.nl\/#website"},"datePublished":"2024-10-02T08:45:25+00:00","dateModified":"2025-03-03T14:16:21+00:00","breadcrumb":{"@id":"https:\/\/www.armadamobility.nl\/de\/datenschutzerklaerung\/#breadcrumb"},"inLanguage":"de","potentialAction":[{"@type":"ReadAction","target":["https:\/\/www.armadamobility.nl\/de\/datenschutzerklaerung\/"]}]},{"@type":"BreadcrumbList","@id":"https:\/\/www.armadamobility.nl\/de\/datenschutzerklaerung\/#breadcrumb","itemListElement":[{"@type":"ListItem","position":1,"name":"Home","item":"https:\/\/www.armadamobility.nl\/"},{"@type":"ListItem","position":2,"name":"Datenschutzerkl\u00e4rung"}]},{"@type":"WebSite","@id":"https:\/\/www.armadamobility.nl\/#website","url":"https:\/\/www.armadamobility.nl\/","name":"Armada Mobility","description":"Openbare voorzieningen &amp; Rail-Infra","publisher":{"@id":"https:\/\/www.armadamobility.nl\/#organization"},"potentialAction":[{"@type":"SearchAction","target":{"@type":"EntryPoint","urlTemplate":"https:\/\/www.armadamobility.nl\/?s={search_term_string}"},"query-input":{"@type":"PropertyValueSpecification","valueRequired":true,"valueName":"search_term_string"}}],"inLanguage":"de"},{"@type":"Organization","@id":"https:\/\/www.armadamobility.nl\/#organization","name":"Armada Mobility B.V.","url":"https:\/\/www.armadamobility.nl\/","logo":{"@type":"ImageObject","inLanguage":"de","@id":"https:\/\/www.armadamobility.nl\/#\/schema\/logo\/image\/","url":"https:\/\/www.armadamobility.nl\/wp-content\/uploads\/2024\/09\/Logo-armada-mobility.svg","contentUrl":"https:\/\/www.armadamobility.nl\/wp-content\/uploads\/2024\/09\/Logo-armada-mobility.svg","width":1699.5,"height":303.8,"caption":"Armada Mobility B.V."},"image":{"@id":"https:\/\/www.armadamobility.nl\/#\/schema\/logo\/image\/"}}]}},"_links":{"self":[{"href":"https:\/\/www.armadamobility.nl\/de\/wp-json\/wp\/v2\/pages\/5305","targetHints":{"allow":["GET"]}}],"collection":[{"href":"https:\/\/www.armadamobility.nl\/de\/wp-json\/wp\/v2\/pages"}],"about":[{"href":"https:\/\/www.armadamobility.nl\/de\/wp-json\/wp\/v2\/types\/page"}],"author":[{"embeddable":true,"href":"https:\/\/www.armadamobility.nl\/de\/wp-json\/wp\/v2\/users\/1"}],"replies":[{"embeddable":true,"href":"https:\/\/www.armadamobility.nl\/de\/wp-json\/wp\/v2\/comments?post=5305"}],"version-history":[{"count":3,"href":"https:\/\/www.armadamobility.nl\/de\/wp-json\/wp\/v2\/pages\/5305\/revisions"}],"predecessor-version":[{"id":5308,"href":"https:\/\/www.armadamobility.nl\/de\/wp-json\/wp\/v2\/pages\/5305\/revisions\/5308"}],"wp:attachment":[{"href":"https:\/\/www.armadamobility.nl\/de\/wp-json\/wp\/v2\/media?parent=5305"}],"curies":[{"name":"wp","href":"https:\/\/api.w.org\/{rel}","templated":true}]}}